{"id":2991,"date":"2020-08-19T01:33:47","date_gmt":"2020-08-18T23:33:47","guid":{"rendered":"http:\/\/beguines.info\/?page_id=2991"},"modified":"2020-08-19T01:39:32","modified_gmt":"2020-08-18T23:39:32","slug":"news-letter-2019","status":"publish","type":"page","link":"https:\/\/beguines.info\/?page_id=2991","title":{"rendered":"News Letter 2019"},"content":{"rendered":"<p><\/p>\n<h6 class=\"message-subject pad-left\">Wishes in the Solstice 2019 (21-12-2019)<\/h6>\n<p><img loading=\"lazy\" decoding=\"async\" data-attachment-id=\"2812\" data-permalink=\"https:\/\/beguines.info\/?attachment_id=2812\" data-orig-file=\"https:\/\/i0.wp.com\/beguines.info\/wp-content\/uploads\/2016\/08\/auguri-2019.jpg?fit=285%2C177&amp;ssl=1\" data-orig-size=\"285,177\" data-comments-opened=\"0\" data-image-meta=\"{&quot;aperture&quot;:&quot;0&quot;,&quot;credit&quot;:&quot;&quot;,&quot;camera&quot;:&quot;&quot;,&quot;caption&quot;:&quot;&quot;,&quot;created_timestamp&quot;:&quot;0&quot;,&quot;copyright&quot;:&quot;&quot;,&quot;focal_length&quot;:&quot;0&quot;,&quot;iso&quot;:&quot;0&quot;,&quot;shutter_speed&quot;:&quot;0&quot;,&quot;title&quot;:&quot;&quot;,&quot;orientation&quot;:&quot;0&quot;}\" data-image-title=\"auguri 2019\" data-image-description=\"\" data-image-caption=\"\" data-large-file=\"https:\/\/i0.wp.com\/beguines.info\/wp-content\/uploads\/2016\/08\/auguri-2019.jpg?fit=285%2C177&amp;ssl=1\" class=\"aligncenter size-full wp-image-2812\" src=\"https:\/\/i0.wp.com\/beguines.info\/wp-content\/uploads\/2016\/08\/auguri-2019.jpg?resize=285%2C177\" alt=\"\" width=\"285\" height=\"177\" data-attachment-id=\"2812\" data-permalink=\"https:\/\/beguines.info\/?attachment_id=2812\" data-orig-file=\"https:\/\/i0.wp.com\/beguines.info\/wp-content\/uploads\/2016\/08\/auguri-2019.jpg?fit=285%2C177\" data-orig-size=\"285,177\" data-comments-opened=\"0\" data-image-meta=\"{&quot;aperture&quot;:&quot;0&quot;,&quot;credit&quot;:&quot;&quot;,&quot;camera&quot;:&quot;&quot;,&quot;caption&quot;:&quot;&quot;,&quot;created_timestamp&quot;:&quot;0&quot;,&quot;copyright&quot;:&quot;&quot;,&quot;focal_length&quot;:&quot;0&quot;,&quot;iso&quot;:&quot;0&quot;,&quot;shutter_speed&quot;:&quot;0&quot;,&quot;title&quot;:&quot;&quot;,&quot;orientation&quot;:&quot;0&quot;}\" data-image-title=\"auguri 2019\" data-image-description=\"\" data-medium-file=\"https:\/\/i0.wp.com\/beguines.info\/wp-content\/uploads\/2016\/08\/auguri-2019.jpg?fit=285%2C177\" data-large-file=\"https:\/\/i0.wp.com\/beguines.info\/wp-content\/uploads\/2016\/08\/auguri-2019.jpg?fit=285%2C177\" \/><\/p>\n<p>J\u2019ai attendu tout sp\u00e9cialement le jour du solstice pour vous envoyer \u00e0 vous tous et toutes, membres de la News Letter Beguiness, mes meilleurs v\u0153ux pour un Joyeux No\u00ebl et une belle entr\u00e9e dans l\u2019ann\u00e9e 2020. Je trouve cette \u00e9ch\u00e9ance astronomique particuli\u00e8rement exaltante. Dimanche 22 d\u00e9cembre \u00e0 04:19 UTC (05.19 en France) il y aura le solstice d\u2019hiver dans notre h\u00e9misph\u00e8re (mais ce sera celui de l\u2019\u00e9t\u00e9 pour l\u2019h\u00e9misph\u00e8re sud). Le solstice d\u2019hiver a de particulier qu\u2019\u00e0 partir de ce moment la lumi\u00e8re du jour commence imperceptiblement \u00e0 s\u2019\u00e9tendre jusqu\u2019\u00e0 son maximum soit l\u2019\u00e9quinoxe d\u2019\u00e9t\u00e9. Cette pens\u00e9e que la lumi\u00e8re prend de plus en plus de place face \u00e0 la t\u00e9n\u00e8bre est incluse dans la promesse de No\u00ebl: <i>une lumi\u00e8re nous est donn\u00e9e, un soleil se l\u00e8vera<\/i>. Meilleurs v\u0153ux pour un No\u00ebl lumineux et une claire ann\u00e9e 2020.<\/p>\n<p>Je signale que le <i>B\u00e9guinage de la Croix aux boeufs<\/i> offre un accueil pour No\u00ebl et Nouvel An \u00e0 ceux et celles qui veulent le vivre avec la communaut\u00e9. Voir \u00ab\u00a0<a href=\"https:\/\/beguines.info\/wp-content\/uploads\/2019\/12\/Rendez-vous-au-B%C3%A9guinage-2019-2020.pdf\">Rendez-vous au B\u00e9guinage<\/a>\u00ab\u00a0. J\u2019ai \u00e9galement re\u00e7u de leur part <a href=\"https:\/\/beguines.info\/wp-content\/uploads\/2019\/12\/vrai-faux-b%C3%A9guinage.pdf\">un texte int\u00e9ressant <\/a>sur l\u2019usage parfois abusif du terme b\u00e9guinage. Merci beaucoup.<br \/>\nPour contact :<a> cte.apos.monas@gmail.com <\/a>et <a href=\"http:\/\/ecolesagesse.free.fr\">http:\/\/ecolesagesse.free.fr<\/a><\/p>\n<h6 class=\"message-subject pad-left\">Some informations sent by members, thank you to everybody (09-12-2019)<\/h6>\n<p>&nbsp;<\/p>\n<p><img loading=\"lazy\" decoding=\"async\" data-attachment-id=\"2811\" data-permalink=\"https:\/\/beguines.info\/?attachment_id=2811\" data-orig-file=\"https:\/\/i0.wp.com\/beguines.info\/wp-content\/uploads\/2016\/08\/applausi.jpg?fit=152%2C160&amp;ssl=1\" data-orig-size=\"152,160\" data-comments-opened=\"0\" data-image-meta=\"{&quot;aperture&quot;:&quot;0&quot;,&quot;credit&quot;:&quot;&quot;,&quot;camera&quot;:&quot;&quot;,&quot;caption&quot;:&quot;&quot;,&quot;created_timestamp&quot;:&quot;0&quot;,&quot;copyright&quot;:&quot;&quot;,&quot;focal_length&quot;:&quot;0&quot;,&quot;iso&quot;:&quot;0&quot;,&quot;shutter_speed&quot;:&quot;0&quot;,&quot;title&quot;:&quot;&quot;,&quot;orientation&quot;:&quot;0&quot;}\" data-image-title=\"applausi\" data-image-description=\"\" data-image-caption=\"\" data-large-file=\"https:\/\/i0.wp.com\/beguines.info\/wp-content\/uploads\/2016\/08\/applausi.jpg?fit=152%2C160&amp;ssl=1\" class=\"alignleft size-full wp-image-2811\" src=\"https:\/\/i0.wp.com\/beguines.info\/wp-content\/uploads\/2016\/08\/applausi.jpg?resize=152%2C160\" alt=\"\" width=\"152\" height=\"160\" data-attachment-id=\"2811\" data-permalink=\"https:\/\/beguines.info\/?attachment_id=2811\" data-orig-file=\"https:\/\/i0.wp.com\/beguines.info\/wp-content\/uploads\/2016\/08\/applausi.jpg?fit=152%2C160\" data-orig-size=\"152,160\" data-comments-opened=\"0\" data-image-meta=\"{&quot;aperture&quot;:&quot;0&quot;,&quot;credit&quot;:&quot;&quot;,&quot;camera&quot;:&quot;&quot;,&quot;caption&quot;:&quot;&quot;,&quot;created_timestamp&quot;:&quot;0&quot;,&quot;copyright&quot;:&quot;&quot;,&quot;focal_length&quot;:&quot;0&quot;,&quot;iso&quot;:&quot;0&quot;,&quot;shutter_speed&quot;:&quot;0&quot;,&quot;title&quot;:&quot;&quot;,&quot;orientation&quot;:&quot;0&quot;}\" data-image-title=\"applausi\" data-image-description=\"\" data-medium-file=\"https:\/\/i0.wp.com\/beguines.info\/wp-content\/uploads\/2016\/08\/applausi.jpg?fit=152%2C160\" data-large-file=\"https:\/\/i0.wp.com\/beguines.info\/wp-content\/uploads\/2016\/08\/applausi.jpg?fit=152%2C160\" \/><\/p>\n<p><a href=\"https:\/\/beguines.info\/wp-content\/uploads\/2017\/08\/Lucia-Feverati.pdf\">FEVERATI Lucia<\/a>\u00a0 a pr\u00e9sent\u00e9 sa th\u00e8se de premier cycle \u00e0 la Facult\u00e9 d\u2019histoire et du patrimoine culturel de l\u2019\u00c9glise, Universit\u00e9 pontificale gr\u00e9gorienne, 2018-2019. Le th\u00e8me s\u00e9duisant est: <em><strong>Tra successo e sospetto. Le beghine nell\u2019Europa del duecento e trecento<\/strong>.(<\/em>Entre succ\u00e8s et suspicion. Les b\u00e9guines des si\u00e8cles XIII et XIV). Vous pouvez lire son travail en cliquant sur son nom en bleu. Merci ch\u00e8re Lucia, tu as apport\u00e9 une contribution tr\u00e8s valable \u00e0 la recherche, m\u00eame quantitative, sur l\u2019histoire du mouvement b\u00e9guinal.<\/p>\n<p>Avec un grand soupir de soulagement (je suppose), Mattia Zangari a conclu sa th\u00e8se de doctorat, publi\u00e9e, sous forme imprim\u00e9e et ebook, et il a \u00e9galement obtenu une bourse europ\u00e9enne \u00ab\u00a0Marie Curie\u00a0\u00bb. Doubles f\u00e9licitations, Mattia. Le th\u00e8me de la th\u00e8se est: <b><i>Tre storie di santit\u00e0 femminile tra parole e immagini<\/i><\/b><i><b>. Agiografie, memoriali e fabulae depictae fra Due e Trecento<\/b> (Trois histoires de saintet\u00e9 f\u00e9minine entre mots et images. Hagiographies, m\u00e9moriaux et fabulae depictae entre le XIII et le XVIe) <\/i><br \/>\n<a class=\"moz-txt-link-freetext\" href=\"https:\/\/elibrary.narr.digital\/book\/99.125005\/9783823393603\">https:\/\/elibrary.narr.digital\/book\/99.125005\/9783823393603<\/a><\/p>\n<p>Roberto Pozzo nous informe que l\u2019exposition <i>Le projet CROMIOSS<\/i>, dans laquelle on trouve des pi\u00e8ces ayant appartenu \u00e0 <a href=\"https:\/\/beguines.info\/?p=1050#ancreJacquesv\">Jacques de Vitry<\/a>, peut \u00eatre visit\u00e9e au Mus\u00e9e d\u2019art ancien de Namur (Belgique), voir info sur <a class=\"moz-txt-link-freetext\" href=\"https:\/\/www.province.namur.be\/index.%20php?%20page%20=%20rub%20&amp;%20page%20=%20289\">https:\/\/www.province.namur.be\/index<\/a><a class=\"moz-txt-link-freetext\" href=\"https:\/\/www.province.namur.be\/index.%20php?%20page%20=%20rub%20&amp;%20page%20=%20289\">. php? page = rub &amp; page = 289<\/a><\/p>\n<p>Plusieurs personnes m\u2019ont signal\u00e9 la table ronde \u00ab\u00a0<b><i>Paris, 1310: les b\u00e9guines, une communaut\u00e9 de femmes subversives et f\u00e9ministes<\/i><\/b>\u00ab\u00a0, d\u00e9di\u00e9e \u00e0 la m\u00e9moire d\u2019Aline Kiner, auteure de <i>La Nuit des B\u00e9guines<\/i>. Pour l\u2019\u00e9couter: <a class=\"moz-txt-link-freetext\" href=\"https:\/\/www.franceculture.fr\/conferences\/ecole-nationale-des-chartes\/paris-les-beguines-une-communaute-de-femmes-subversives-et-feministes?utm_medium=Social&amp;utm_source=Facebook&amp;fbclid=IwAR1HTXOQXJwNzBm3yQmwsXKQnB2b9qNMat3veRfNsxtXj4uohXomKOgBu8g#Echobox=1563438159\">https:\/\/www.franceculture.fr\/conferences\/ecole-nationale-des-chartes\/paris-les-beguines-une-communaute-de-femmes-subversives-et-feministes?utm_medium=Social&amp;utm_source=Facebookfbclid=IwAR1HTXOQXJwNzBm3yQmwsXKQnB2b9qNMat3veRfNsxtXj4uohXomKOgBu8g#Echobox=1563438159<\/a><\/p>\n<p>Doroth\u00e9e Janssen a r\u00e9agi \u00e0 mon dernier message en m\u2019adressant ce texte repris de Wikipendia: \u00ab\u00a0<i>Donald Attwater (auteur catholique anglais, 1892-1977) rejette ce qu\u2019il appelle la \u00ab\u00a0l\u00e9gende\u00a0\u00bb de Sainte Catherine, soutenant l\u2019absence de \u00ab\u00a0preuve positive qui prouvent qu\u2019elle ait jamais exist\u00e9 en dehors de l\u2019esprit d\u2019un \u00e9crivain grec qui a d\u2019abord compos\u00e9 ce qui \u00e9tait cens\u00e9e \u00eatre simplement une histoire d\u2019amour \u00e9difiante\u00a0\u00bb. <\/i>Harold Davis \u00e9crit que<i>\u00a0\u00bb des recherches assidues n\u2019ont pas r\u00e9ussi \u00e0 identifier Catherine avec un quelconque personnage historique<\/i>\u00ab\u00a0.<br \/>\nSouvenons-nous que les hagiographies ne sont pas des biographies et qu\u2019une l\u00e9gende a un statut diff\u00e9rent d\u2019un fait historique. Merci \u00e0 Doroth\u00e9e de m\u2019avoir permis cette pr\u00e9cision.<\/p>\n<h6>Beguines in Maine (USA) (11-09-2019)<\/h6>\n<figure id=\"attachment_2696\" class=\"wp-caption alignleft\" aria-describedby=\"caption-attachment-2696\"><img loading=\"lazy\" decoding=\"async\" data-attachment-id=\"2696\" data-permalink=\"https:\/\/beguines.info\/?attachment_id=2696\" data-orig-file=\"https:\/\/i0.wp.com\/beguines.info\/wp-content\/uploads\/2016\/08\/Courtney-and-Michelle.jpg?fit=661%2C720&amp;ssl=1\" data-orig-size=\"661,720\" data-comments-opened=\"0\" data-image-meta=\"{&quot;aperture&quot;:&quot;0&quot;,&quot;credit&quot;:&quot;&quot;,&quot;camera&quot;:&quot;&quot;,&quot;caption&quot;:&quot;&quot;,&quot;created_timestamp&quot;:&quot;0&quot;,&quot;copyright&quot;:&quot;&quot;,&quot;focal_length&quot;:&quot;0&quot;,&quot;iso&quot;:&quot;0&quot;,&quot;shutter_speed&quot;:&quot;0&quot;,&quot;title&quot;:&quot;&quot;,&quot;orientation&quot;:&quot;0&quot;}\" data-image-title=\"Courtney and Michelle\" data-image-description=\"\" data-image-caption=\"\" data-large-file=\"https:\/\/i0.wp.com\/beguines.info\/wp-content\/uploads\/2016\/08\/Courtney-and-Michelle.jpg?fit=661%2C720&amp;ssl=1\" class=\"wp-image-2696 size-medium\" src=\"https:\/\/i1.wp.com\/beguines.info\/wp-content\/uploads\/2016\/08\/Courtney-and-Michelle.jpg?resize=275%2C300\" sizes=\"auto, (max-width: 275px) 85vw, 275px\" srcset=\"https:\/\/i1.wp.com\/beguines.info\/wp-content\/uploads\/2016\/08\/Courtney-and-Michelle.jpg?resize=275%2C300 275w, https:\/\/i1.wp.com\/beguines.info\/wp-content\/uploads\/2016\/08\/Courtney-and-Michelle.jpg?resize=500%2C545 500w, https:\/\/i1.wp.com\/beguines.info\/wp-content\/uploads\/2016\/08\/Courtney-and-Michelle.jpg?w=661 661w\" alt=\"\" width=\"275\" height=\"300\" data-attachment-id=\"2696\" data-permalink=\"https:\/\/beguines.info\/?attachment_id=2696\" data-orig-file=\"https:\/\/i1.wp.com\/beguines.info\/wp-content\/uploads\/2016\/08\/Courtney-and-Michelle.jpg?fit=661%2C720\" data-orig-size=\"661,720\" data-comments-opened=\"0\" data-image-meta=\"{&quot;aperture&quot;:&quot;0&quot;,&quot;credit&quot;:&quot;&quot;,&quot;camera&quot;:&quot;&quot;,&quot;caption&quot;:&quot;&quot;,&quot;created_timestamp&quot;:&quot;0&quot;,&quot;copyright&quot;:&quot;&quot;,&quot;focal_length&quot;:&quot;0&quot;,&quot;iso&quot;:&quot;0&quot;,&quot;shutter_speed&quot;:&quot;0&quot;,&quot;title&quot;:&quot;&quot;,&quot;orientation&quot;:&quot;0&quot;}\" data-image-title=\"Courtney and Michelle\" data-image-description=\"\" data-medium-file=\"https:\/\/i1.wp.com\/beguines.info\/wp-content\/uploads\/2016\/08\/Courtney-and-Michelle.jpg?fit=275%2C300\" data-large-file=\"https:\/\/i1.wp.com\/beguines.info\/wp-content\/uploads\/2016\/08\/Courtney-and-Michelle.jpg?fit=661%2C720\" \/><figcaption id=\"caption-attachment-2696\" class=\"wp-caption-text\">Soeur Courtney, \u00e0 droite, et Michelle Aquino<\/figcaption><\/figure>\n<p>S\u0153ur Courtney Haase m\u2019a \u00e9crit \u00e0 propos de l\u2019exp\u00e9rience tr\u00e8s originale qu\u2019elle promeut \u00e0 Skowhegan, dans le rural Maine, l\u2019\u00c9tat le plus \u00e0 nord-est des \u00c9tats-Unis. Comme on peut le lire sur le site web <a href=\"https:\/\/www.companionsofclare.org\">Companions of Claire<\/a> il s\u2019agit d\u2019une communaut\u00e9 exp\u00e9rimentale \u00ab\u00a0, une naissante communaut\u00e9 franciscaine\u00a0 pour des femmes m\u00fbres inspir\u00e9es par la tradition b\u00e9guinale. \u00ab\u00a0<i>Nous souhaitons cr\u00e9er une communaut\u00e9 exp\u00e9rimentale suivant la premi\u00e8re r\u00e8gle de Sainte-Claire, en impliquant des femmes dans la tradition des b\u00e9guines, notre groupe cible sera constitu\u00e9 de femmes \u00e2g\u00e9es de plus de 62 ans, soit celles qui ont quitt\u00e9 la vie religieuse et souhaitent la r\u00e9int\u00e9grer, soit celles qui souhaitent donner le reste de leur vie \u00e0 Dieu<\/i> \u00ab\u00a0.<br \/>\nS\u0153ur Courtney a pass\u00e9 16 ans en tant que Clarisse, puis a pris distance de l\u2019institution et a \u00e9t\u00e9 tr\u00e8s impliqu\u00e9e dans des projets ruraux jusqu\u2019\u00e0 \u00eatre <a href=\"https:\/\/www.ashoka.org\/it\/video\/get-know-ashoka's-rural-innovation-farming-fellows\">nomm\u00e9e membre d\u2019 Ashoka pour l\u2019innovation agricole<\/a>. Elle a initi\u00e9 et dirig\u00e9 pendant 11 ans le <i>Small Dairy Project<\/i> (Petit projet fromagerie), un organisme \u00e0 but non lucratif, pour aider les petits agriculteurs \u00e0 devenir des fromageries agr\u00e9\u00e9es. Maintenant, avec <i>Companions of Claire<\/i>, elle offre une possibilit\u00e9 aux femmes cherchant un discernement. En effet, s\u00e9par\u00e9e du\u00a0 couvent, Il y a un petit ermitage pour toutes celles qui souhaitent y passer une semaine.<br \/>\nNous souhaitons un f\u00e9cond d\u00e9veloppement \u00e0 la communaut\u00e9 des Companions of Clare. Je suis ravie d\u2019avoir fait la connaissance de la dynamique soeur Courtney et de la postulante de New York, Michelle Aquino. J\u2019esp\u00e8re que nous resterons en contact.<\/p>\n<p>Adresse : Franciscan Convent of Peace and Good \u2013 627 Middle Rd. \u2013 Skowhegan, ME 04976, <a href=\"https:\/\/www.companionsofclare.org\">https:\/\/www.companionsofclare.org<\/a><br \/>\nContact :\u00a0 Sr. Courtney Haase <a href=\"mailto:sr.courtney@beeline-online.net\">&lt;sr.courtney@beeline-online.net&gt;<\/a> o Tel. ++ 1- 207-431-2664<\/p>\n<h6>Hadewijch songs (17-7-2019)<\/h6>\n<p><img loading=\"lazy\" decoding=\"async\" data-attachment-id=\"1798\" data-permalink=\"https:\/\/beguines.info\/?attachment_id=1798\" data-orig-file=\"https:\/\/i0.wp.com\/beguines.info\/wp-content\/uploads\/2016\/08\/livre-chants-Hadewijch.jpg?fit=1831%2C2833&amp;ssl=1\" data-orig-size=\"1831,2833\" data-comments-opened=\"0\" data-image-meta=\"{&quot;aperture&quot;:&quot;0&quot;,&quot;credit&quot;:&quot;&quot;,&quot;camera&quot;:&quot;&quot;,&quot;caption&quot;:&quot;&quot;,&quot;created_timestamp&quot;:&quot;0&quot;,&quot;copyright&quot;:&quot;&quot;,&quot;focal_length&quot;:&quot;0&quot;,&quot;iso&quot;:&quot;0&quot;,&quot;shutter_speed&quot;:&quot;0&quot;,&quot;title&quot;:&quot;&quot;,&quot;orientation&quot;:&quot;1&quot;}\" data-image-title=\"livre chants Hadewijch\" data-image-description=\"\" data-image-caption=\"\" data-large-file=\"https:\/\/i0.wp.com\/beguines.info\/wp-content\/uploads\/2016\/08\/livre-chants-Hadewijch.jpg?fit=662%2C1024&amp;ssl=1\" class=\"alignleft size-medium wp-image-1798\" src=\"https:\/\/i0.wp.com\/beguines.info\/wp-content\/uploads\/2016\/08\/livre-chants-Hadewijch.jpg?resize=194%2C300\" sizes=\"auto, (max-width: 194px) 85vw, 194px\" srcset=\"https:\/\/i0.wp.com\/beguines.info\/wp-content\/uploads\/2016\/08\/livre-chants-Hadewijch.jpg?resize=194%2C300 194w, https:\/\/i0.wp.com\/beguines.info\/wp-content\/uploads\/2016\/08\/livre-chants-Hadewijch.jpg?resize=768%2C1188 768w, https:\/\/i0.wp.com\/beguines.info\/wp-content\/uploads\/2016\/08\/livre-chants-Hadewijch.jpg?resize=662%2C1024 662w, https:\/\/i0.wp.com\/beguines.info\/wp-content\/uploads\/2016\/08\/livre-chants-Hadewijch.jpg?resize=500%2C774 500w, https:\/\/i0.wp.com\/beguines.info\/wp-content\/uploads\/2016\/08\/livre-chants-Hadewijch.jpg?resize=1200%2C1857 1200w, https:\/\/i0.wp.com\/beguines.info\/wp-content\/uploads\/2016\/08\/livre-chants-Hadewijch.jpg?w=1831 1831w, https:\/\/i0.wp.com\/beguines.info\/wp-content\/uploads\/2016\/08\/livre-chants-Hadewijch.jpg?w=1680 1680w\" alt=\"\" width=\"194\" height=\"300\" data-attachment-id=\"1798\" data-permalink=\"https:\/\/beguines.info\/?attachment_id=1798\" data-orig-file=\"https:\/\/i0.wp.com\/beguines.info\/wp-content\/uploads\/2016\/08\/livre-chants-Hadewijch.jpg?fit=1831%2C2833\" data-orig-size=\"1831,2833\" data-comments-opened=\"0\" data-image-meta=\"{&quot;aperture&quot;:&quot;0&quot;,&quot;credit&quot;:&quot;&quot;,&quot;camera&quot;:&quot;&quot;,&quot;caption&quot;:&quot;&quot;,&quot;created_timestamp&quot;:&quot;0&quot;,&quot;copyright&quot;:&quot;&quot;,&quot;focal_length&quot;:&quot;0&quot;,&quot;iso&quot;:&quot;0&quot;,&quot;shutter_speed&quot;:&quot;0&quot;,&quot;title&quot;:&quot;&quot;,&quot;orientation&quot;:&quot;1&quot;}\" data-image-title=\"livre chants Hadewijch\" data-image-description=\"\" data-medium-file=\"https:\/\/i0.wp.com\/beguines.info\/wp-content\/uploads\/2016\/08\/livre-chants-Hadewijch.jpg?fit=194%2C300\" data-large-file=\"https:\/\/i0.wp.com\/beguines.info\/wp-content\/uploads\/2016\/08\/livre-chants-Hadewijch.jpg?fit=662%2C1024\" \/>\u201c<em>Minnelieder einer Nonne<\/em>\u201d (Chants d\u2019amour d\u2019une nonne). Ainsi le philologue allemand Franz Joseph Mone d\u00e9finissait les 45 chants qu\u2019il avait d\u00e9couvert en 1838 dans l\u2019actuelle Biblioth\u00e8que royale de Belgique. Quand il d\u00e9couvre ces textes, aucun nom d\u2019auteur ne les accompagne. Seule une petite note en marge des manuscrits permettra 20 ans plus tard de percer le myst\u00e8re. Mais qui est cette Hadewijch, par certains experts assimil\u00e9e \u00e0 la b\u00e9guine bruxelloise Bloemardinne? Il nous faudra attendre les \u00e9tudes du j\u00e9suite Joseph Van Mierlo pour un peu mieux la comprendre et les recherches, d\u00e8s 1992, du musicologue hollandais Louis Peter Grijp pour restituer \u00e0 19 de ses po\u00e8mes strophiques les musiques qui les accompagnaient.<br \/>\nC\u2019est dans ce myst\u00e8re que le pr\u00e9cieux album \u00e9dit\u00e9 par Albin Michel (livre et CD) entend nous plonger; dans \u00ab\u00a0<em>ce corpus de chants d\u2019amour spirituels un \u00ab\u00a0unicum\u00a0\u00bb dans tout le Moyen age occidental<\/em>\u00a0\u00bb comme \u00e9crit Mendelein Bara ocs, dans l\u2019article en italien disponible \u00e0 ce link:\u00a0 <a class=\"moz-txt-link-freetext\" href=\"https:\/\/centroeuropeo.us3.list-manage.com\/track\/click?u=4411a017107a092d579a10ad7&amp;id=2d45ce52e9&amp;e=ad316f12e2\">https:\/\/beguines.info\/wp-content\/uploads\/2017\/08\/Hadewijch-by-Wendelien.pdf<\/a><br \/>\nBonne lecture, bonne \u00e9coute et bonnes vacances.<\/p>\n<h6>A future beguinage in Halle (Belgium) (o9-06-2019)<\/h6>\n<figure id=\"attachment_1734\" class=\"wp-caption alignleft\" aria-describedby=\"caption-attachment-1734\"><img loading=\"lazy\" decoding=\"async\" data-attachment-id=\"1734\" data-permalink=\"https:\/\/beguines.info\/?attachment_id=1734\" data-orig-file=\"https:\/\/i0.wp.com\/beguines.info\/wp-content\/uploads\/2016\/08\/Beguines-Halle.jpg?fit=640%2C478&amp;ssl=1\" data-orig-size=\"640,478\" data-comments-opened=\"0\" data-image-meta=\"{&quot;aperture&quot;:&quot;2.4&quot;,&quot;credit&quot;:&quot;&quot;,&quot;camera&quot;:&quot;iPad&quot;,&quot;caption&quot;:&quot;&quot;,&quot;created_timestamp&quot;:&quot;1558523357&quot;,&quot;copyright&quot;:&quot;&quot;,&quot;focal_length&quot;:&quot;4.28&quot;,&quot;iso&quot;:&quot;50&quot;,&quot;shutter_speed&quot;:&quot;0.0042016806722689&quot;,&quot;title&quot;:&quot;&quot;,&quot;orientation&quot;:&quot;1&quot;}\" data-image-title=\"Beguines Halle\" data-image-description=\"\" data-image-caption=\"\" data-large-file=\"https:\/\/i0.wp.com\/beguines.info\/wp-content\/uploads\/2016\/08\/Beguines-Halle.jpg?fit=640%2C478&amp;ssl=1\" class=\"wp-image-1734 size-medium\" src=\"https:\/\/i1.wp.com\/beguines.info\/wp-content\/uploads\/2016\/08\/Beguines-Halle.jpg?resize=300%2C224\" sizes=\"auto, (max-width: 300px) 85vw, 300px\" srcset=\"https:\/\/i1.wp.com\/beguines.info\/wp-content\/uploads\/2016\/08\/Beguines-Halle.jpg?resize=300%2C224 300w, https:\/\/i1.wp.com\/beguines.info\/wp-content\/uploads\/2016\/08\/Beguines-Halle.jpg?resize=500%2C373 500w, https:\/\/i1.wp.com\/beguines.info\/wp-content\/uploads\/2016\/08\/Beguines-Halle.jpg?w=640 640w\" alt=\"\" width=\"300\" height=\"224\" data-attachment-id=\"1734\" data-permalink=\"https:\/\/beguines.info\/?attachment_id=1734\" data-orig-file=\"https:\/\/i1.wp.com\/beguines.info\/wp-content\/uploads\/2016\/08\/Beguines-Halle.jpg?fit=640%2C478\" data-orig-size=\"640,478\" data-comments-opened=\"0\" data-image-meta=\"{&quot;aperture&quot;:&quot;2.4&quot;,&quot;credit&quot;:&quot;&quot;,&quot;camera&quot;:&quot;iPad&quot;,&quot;caption&quot;:&quot;&quot;,&quot;created_timestamp&quot;:&quot;1558523357&quot;,&quot;copyright&quot;:&quot;&quot;,&quot;focal_length&quot;:&quot;4.28&quot;,&quot;iso&quot;:&quot;50&quot;,&quot;shutter_speed&quot;:&quot;0.0042016806722689&quot;,&quot;title&quot;:&quot;&quot;,&quot;orientation&quot;:&quot;1&quot;}\" data-image-title=\"Beguines Halle\" data-image-description=\"\" data-medium-file=\"https:\/\/i1.wp.com\/beguines.info\/wp-content\/uploads\/2016\/08\/Beguines-Halle.jpg?fit=300%2C224\" data-large-file=\"https:\/\/i1.wp.com\/beguines.info\/wp-content\/uploads\/2016\/08\/Beguines-Halle.jpg?fit=640%2C478\" \/><figcaption id=\"caption-attachment-1734\" class=\"wp-caption-text\">En partant de gauche, soeurs Maria Maddalena et Angela. Derr\u00e8re elles le laboratoire de fabrication d\u2019hosties<\/figcaption><\/figure>\n<p>C\u2019est gr\u00e2ce \u00e0 la presse que nous avons appris du projet d\u2019un futur b\u00e9guinage \u00e0 Halle, ville de pr\u00e8s de 35.000 habitants situ\u00e9e dans les Flandres, \u00e0 une trentaine de km \u00e0 sud de Bruxelles. Halle est tr\u00e8s connue en Belgique pour son sanctuaire d\u00e9di\u00e9 \u00e0 la Vierge Noire et le p\u00e8lerinage annuel qui s\u2019y rend le premier mai.<br \/>\nLe projet d\u2019un futur b\u00e9guinage na\u00eet au c\u0153ur du monast\u00e8re des s\u0153urs Sacramentines, lequel dispose m\u00eame d\u2019un site web\u00a0: <a href=\"https:\/\/monasteriumhallefr.wordpress.com\/overons\/\" target=\"_blank\" rel=\"noopener noreferrer\">https:\/\/monasteriumhallefr.wordpress.com\/overons<\/a><br \/>\nFond\u00e9e au 17<sup>e<\/sup> si\u00e8cle par le p\u00e8re Dominicain Antoine Lequieu, l\u2019Ordre du Saint Sacrement a \u00e9t\u00e9 approuv\u00e9 en 1693. Cette famille religieuse est vou\u00e9e \u00e0 l\u2019Adoration perp\u00e9tuelle, y compris durant la nuit, afin de r\u00e9affirmer la pr\u00e9sence du Christ dans l\u2019Eucharistie et de \u00ab\u00a0<em>rem\u00e9dier au d\u00e9sint\u00e9r\u00eat \u00a0de plus en plus fort parmi les croyants<\/em>\u00a0\u00bb.<br \/>\nLa communaut\u00e9 des Sacramentines de Halle a progressivement diminu\u00e9e et aujourd\u2019hui elle compte uniquement trois religieuses, intercal\u00e9es de 30 ans de diff\u00e9rence d\u2019\u00e2ge\u00a0: s\u0153ur Imelda (90 ans), Angela (60 ans) et Marie Madeleine (30 ans). Pour r\u00e9pondre aux exigences de leur continuit\u00e9 et de leur pr\u00e9sence \u00e0 la communaut\u00e9 des fid\u00e8les qui fr\u00e9quentent leur \u00e9glise, elles envisagent la cr\u00e9ation d\u2019un b\u00e9guinage ex-novo, en partant des briques. Avis aux amatrices qui en seraient int\u00e9ress\u00e9es et voudraient prendre contact (de pr\u00e9f\u00e9rence en n\u00e9erlandais) en \u00e9crivant au <a href=\"mailto:kloosterhalle@telenet.be\" target=\"_blank\" rel=\"noopener noreferrer\">kloosterhalle@telenet.be.<\/a><br \/>\nNous souhaitons bon courage et bonne chance \u00e0 ces entreprenantes religieuses, peut-\u00eatre \u00e9galement futures b\u00e9guines.<\/p>\n<h6>Historical rehabilitation (13-05-2019)<\/h6>\n<p><img loading=\"lazy\" decoding=\"async\" data-attachment-id=\"1680\" data-permalink=\"https:\/\/beguines.info\/?attachment_id=1680\" data-orig-file=\"https:\/\/i0.wp.com\/beguines.info\/wp-content\/uploads\/2016\/08\/Benvegnuda-Pincinella-NaveBS-26giugno2018.jpg?fit=768%2C512&amp;ssl=1\" data-orig-size=\"768,512\" data-comments-opened=\"0\" data-image-meta=\"{&quot;aperture&quot;:&quot;0&quot;,&quot;credit&quot;:&quot;&quot;,&quot;camera&quot;:&quot;&quot;,&quot;caption&quot;:&quot;&quot;,&quot;created_timestamp&quot;:&quot;0&quot;,&quot;copyright&quot;:&quot;&quot;,&quot;focal_length&quot;:&quot;0&quot;,&quot;iso&quot;:&quot;0&quot;,&quot;shutter_speed&quot;:&quot;0&quot;,&quot;title&quot;:&quot;&quot;,&quot;orientation&quot;:&quot;0&quot;}\" data-image-title=\"Benvegnuda Pincinella-Nave(BS)-26giugno2018\" data-image-description=\"\" data-image-caption=\"\" data-large-file=\"https:\/\/i0.wp.com\/beguines.info\/wp-content\/uploads\/2016\/08\/Benvegnuda-Pincinella-NaveBS-26giugno2018.jpg?fit=768%2C512&amp;ssl=1\" class=\"alignleft size-medium wp-image-1680\" src=\"https:\/\/i2.wp.com\/beguines.info\/wp-content\/uploads\/2016\/08\/Benvegnuda-Pincinella-NaveBS-26giugno2018.jpg?resize=300%2C200\" sizes=\"auto, (max-width: 300px) 85vw, 300px\" srcset=\"https:\/\/i2.wp.com\/beguines.info\/wp-content\/uploads\/2016\/08\/Benvegnuda-Pincinella-NaveBS-26giugno2018.jpg?resize=300%2C200 300w, https:\/\/i2.wp.com\/beguines.info\/wp-content\/uploads\/2016\/08\/Benvegnuda-Pincinella-NaveBS-26giugno2018.jpg?w=768 768w, https:\/\/i2.wp.com\/beguines.info\/wp-content\/uploads\/2016\/08\/Benvegnuda-Pincinella-NaveBS-26giugno2018.jpg?resize=500%2C333 500w\" alt=\"\" width=\"300\" height=\"200\" data-attachment-id=\"1680\" data-permalink=\"https:\/\/beguines.info\/?attachment_id=1680\" data-orig-file=\"https:\/\/i2.wp.com\/beguines.info\/wp-content\/uploads\/2016\/08\/Benvegnuda-Pincinella-NaveBS-26giugno2018.jpg?fit=768%2C512\" data-orig-size=\"768,512\" data-comments-opened=\"0\" data-image-meta=\"{&quot;aperture&quot;:&quot;0&quot;,&quot;credit&quot;:&quot;&quot;,&quot;camera&quot;:&quot;&quot;,&quot;caption&quot;:&quot;&quot;,&quot;created_timestamp&quot;:&quot;0&quot;,&quot;copyright&quot;:&quot;&quot;,&quot;focal_length&quot;:&quot;0&quot;,&quot;iso&quot;:&quot;0&quot;,&quot;shutter_speed&quot;:&quot;0&quot;,&quot;title&quot;:&quot;&quot;,&quot;orientation&quot;:&quot;0&quot;}\" data-image-title=\"Benvegnuda Pincinella-Nave(BS)-26giugno2018\" data-image-description=\"\" data-medium-file=\"https:\/\/i2.wp.com\/beguines.info\/wp-content\/uploads\/2016\/08\/Benvegnuda-Pincinella-NaveBS-26giugno2018.jpg?fit=300%2C200\" data-large-file=\"https:\/\/i2.wp.com\/beguines.info\/wp-content\/uploads\/2016\/08\/Benvegnuda-Pincinella-NaveBS-26giugno2018.jpg?fit=768%2C512\" \/>Gr\u00e2ce aux informations trouv\u00e9es sur Internet, je suis tomb\u00e9e sur cette photo : il s\u2019agit d\u2019une plaque que l\u2019Administration communale de Nave a pos\u00e9e en juin 2018 sur le lieu de naissance de Benvegnuda Pincinella (+1518). Sur la plaque, il est \u00e9crit: \u00ab\u00a0<em><strong>En m\u00e9moire du Benvegnuda Pincinella, une herboriste medicale, \u00e0 l\u2019occasion des 500 ans de sa mise au b\u00fbcher. Ici, elle a v\u00e9cu et apport\u00e9 soulagement. L\u2019Administration municipale contre les pr\u00e9jug\u00e9s, la discrimination et l\u2019injustice<\/strong><\/em>\u00ab\u00a0. Quelle \u00e9motion de trouver \u00e0 une quarantaine de kilom\u00e8tres de l\u00e0 o\u00f9 j\u2019habite (Gargnano et Nave sont toutes les deux en province de Brescia), une collectivit\u00e9 d\u2019environ 11 000 habitants qui a ressenti le devoir de r\u00e9habiliter l\u2019une de ces \u00ab\u00a0sorci\u00e8res\u00a0\u00bb attaqu\u00e9es, sp\u00e9cialement durant les XVI et XVII si\u00e8cles, par les pouvoirs publics et religieux. Je veux absolument aller d\u00e9poser une fleur \u00e0 la m\u00e9moire de Benvegnuda et f\u00e9liciter le Maire et son Administration pour cette juste m\u00e9moire. Mais encore, <strong>je voudrais adresser avec vous une requ\u00eate \u00e0 Anne Idalgo<\/strong>, maire de Paris, afin qu\u2019une plaque similaire soit install\u00e9e \u00e0 la place de l\u2019H\u00f4tel de Ville de Paris pour ne pas oublier le b\u00fbcher criminel auquel Marguerite Porete a \u00e9t\u00e9 condamn\u00e9e pour avoir \u00e9crit un livre dict\u00e9 par libert\u00e9 d\u2019Amour. Y aurait-il parmi vous quelqu\u2019un(e) qui pourrait prendre en charge cette initiative en contactant Madame le Maire de Paris ou en me signalant un collectif qui pourrait le faire? Merci de votre collaboration. Nous esp\u00e9rons que Marguerite pourra ainsi avoir son droit de r\u00e9habilitation sur la place de son ignoble ex\u00e9cution.<\/p>\n<h6>A Beguine in Australia (03-05-2019)<\/h6>\n<figure id=\"attachment_1655\" class=\"wp-caption alignleft\" aria-describedby=\"caption-attachment-1655\"><img loading=\"lazy\" decoding=\"async\" data-attachment-id=\"1655\" data-permalink=\"https:\/\/beguines.info\/?attachment_id=1655\" data-orig-file=\"https:\/\/i0.wp.com\/beguines.info\/wp-content\/uploads\/2016\/08\/her-house.jpg?fit=4032%2C3024&amp;ssl=1\" data-orig-size=\"4032,3024\" data-comments-opened=\"0\" data-image-meta=\"{&quot;aperture&quot;:&quot;0&quot;,&quot;credit&quot;:&quot;&quot;,&quot;camera&quot;:&quot;&quot;,&quot;caption&quot;:&quot;&quot;,&quot;created_timestamp&quot;:&quot;0&quot;,&quot;copyright&quot;:&quot;&quot;,&quot;focal_length&quot;:&quot;0&quot;,&quot;iso&quot;:&quot;0&quot;,&quot;shutter_speed&quot;:&quot;0&quot;,&quot;title&quot;:&quot;&quot;,&quot;orientation&quot;:&quot;1&quot;}\" data-image-title=\"her house\" data-image-description=\"\" data-image-caption=\"\" data-large-file=\"https:\/\/i0.wp.com\/beguines.info\/wp-content\/uploads\/2016\/08\/her-house.jpg?fit=840%2C630&amp;ssl=1\" class=\"wp-image-1655 size-medium\" src=\"https:\/\/i0.wp.com\/beguines.info\/wp-content\/uploads\/2016\/08\/her-house.jpg?resize=300%2C225\" sizes=\"auto, (max-width: 300px) 85vw, 300px\" srcset=\"https:\/\/i0.wp.com\/beguines.info\/wp-content\/uploads\/2016\/08\/her-house.jpg?resize=300%2C225 300w, https:\/\/i0.wp.com\/beguines.info\/wp-content\/uploads\/2016\/08\/her-house.jpg?resize=768%2C576 768w, https:\/\/i0.wp.com\/beguines.info\/wp-content\/uploads\/2016\/08\/her-house.jpg?resize=1024%2C768 1024w, https:\/\/i0.wp.com\/beguines.info\/wp-content\/uploads\/2016\/08\/her-house.jpg?resize=500%2C375 500w, https:\/\/i0.wp.com\/beguines.info\/wp-content\/uploads\/2016\/08\/her-house.jpg?resize=1200%2C900 1200w, https:\/\/i0.wp.com\/beguines.info\/wp-content\/uploads\/2016\/08\/her-house.jpg?w=1680 1680w, https:\/\/i0.wp.com\/beguines.info\/wp-content\/uploads\/2016\/08\/her-house.jpg?w=2520 2520w\" alt=\"\" width=\"300\" height=\"225\" data-attachment-id=\"1655\" data-permalink=\"https:\/\/beguines.info\/?attachment_id=1655\" data-orig-file=\"https:\/\/i0.wp.com\/beguines.info\/wp-content\/uploads\/2016\/08\/her-house.jpg?fit=4032%2C3024\" data-orig-size=\"4032,3024\" data-comments-opened=\"0\" data-image-meta=\"{&quot;aperture&quot;:&quot;0&quot;,&quot;credit&quot;:&quot;&quot;,&quot;camera&quot;:&quot;&quot;,&quot;caption&quot;:&quot;&quot;,&quot;created_timestamp&quot;:&quot;0&quot;,&quot;copyright&quot;:&quot;&quot;,&quot;focal_length&quot;:&quot;0&quot;,&quot;iso&quot;:&quot;0&quot;,&quot;shutter_speed&quot;:&quot;0&quot;,&quot;title&quot;:&quot;&quot;,&quot;orientation&quot;:&quot;1&quot;}\" data-image-title=\"her house\" data-image-description=\"\" data-medium-file=\"https:\/\/i0.wp.com\/beguines.info\/wp-content\/uploads\/2016\/08\/her-house.jpg?fit=300%2C225\" data-large-file=\"https:\/\/i0.wp.com\/beguines.info\/wp-content\/uploads\/2016\/08\/her-house.jpg?fit=840%2C630\" \/><figcaption id=\"caption-attachment-1655\" class=\"wp-caption-text\">L\u2019ermitage de Lee-Ann<\/figcaption><\/figure>\n<p>Ce fut une vraie surprise de recevoir le beau message de Lee-Ann Wein d\u2019un pays aussi lointain que l\u2019Australie. Lee-Ann, le 31 mai 2018, f\u00eate de la Visitation, a fait profession de vie b\u00e9guinale dans l\u2019abbaye b\u00e9n\u00e9dictine de Jamberloo, une petite ville d\u2019\u00e0 peu pr\u00e8s 2 000 habitants situ\u00e9e dans le Nouveau Galles du Sud, \u00e0 sud de Sydney. Lee-Ann se d\u00e9clare donc b\u00e9guine: un choix qu\u2019elle a m\u00fbri durant cinq ans. Elle fabrique des bougies, porte une robe en toile naturelle, vit dans un petit ermitage situ\u00e9 dans la propri\u00e9t\u00e9 de l\u2019abbaye et a choisi comme axes de vie la contemplation, la simplicit\u00e9 et une attention particuli\u00e8re de pri\u00e8re pour les personnes victimes d\u2019abus sexuels et pour la dignit\u00e9 de chaque femme. Parmi ses activit\u00e9s de service communautaire figure l\u2019accompagnement de fun\u00e9railles. Lee-Ann serait tr\u00e8s int\u00e9ress\u00e9e par un \u00e9change de mails. Pour celles et ceux qui souhaitent lui \u00e9crire, voici son adresse: Lee-Ann Wein &lt;lwein3@gmail.com&gt;. Quant \u00e0 moi, j\u2019esp\u00e8re pouvoir aussi la rencontrer le plus t\u00f4t possible, d\u00e8s que j\u2019en aurai l\u2019occasion.<br \/>\nBienvenue ch\u00e8re Lee-Ann parmi nous.<\/p>\n<h6>\u00ab\u00a0La croix aux b\u0153ufs\u00a0\u00bb (06-04-2019)<\/h6>\n<figure id=\"attachment_1468\" class=\"wp-caption alignleft\" aria-describedby=\"caption-attachment-1468\"><img loading=\"lazy\" decoding=\"async\" data-attachment-id=\"1468\" data-permalink=\"https:\/\/beguines.info\/?attachment_id=1468\" data-orig-file=\"https:\/\/i0.wp.com\/beguines.info\/wp-content\/uploads\/2019\/04\/La-croix-aux-boeufs.jpg?fit=519%2C403&amp;ssl=1\" data-orig-size=\"519,403\" data-comments-opened=\"0\" data-image-meta=\"{&quot;aperture&quot;:&quot;5.6&quot;,&quot;credit&quot;:&quot;&quot;,&quot;camera&quot;:&quot;DSLR-A100&quot;,&quot;caption&quot;:&quot;SONY DSC&quot;,&quot;created_timestamp&quot;:&quot;1347019235&quot;,&quot;copyright&quot;:&quot;&quot;,&quot;focal_length&quot;:&quot;28&quot;,&quot;iso&quot;:&quot;100&quot;,&quot;shutter_speed&quot;:&quot;0.0015625&quot;,&quot;title&quot;:&quot;SONY DSC&quot;,&quot;orientation&quot;:&quot;1&quot;}\" data-image-title=\"SONY DSC\" data-image-description=\"\" data-image-caption=\"&lt;p&gt;A view of the beguinage&lt;\/p&gt;\n\" data-large-file=\"https:\/\/i0.wp.com\/beguines.info\/wp-content\/uploads\/2019\/04\/La-croix-aux-boeufs.jpg?fit=519%2C403&amp;ssl=1\" class=\"size-medium wp-image-1468\" src=\"https:\/\/i0.wp.com\/beguines.info\/wp-content\/uploads\/2019\/04\/La-croix-aux-boeufs.jpg?resize=300%2C233\" sizes=\"auto, (max-width: 300px) 85vw, 300px\" srcset=\"https:\/\/i0.wp.com\/beguines.info\/wp-content\/uploads\/2019\/04\/La-croix-aux-boeufs.jpg?resize=300%2C233 300w, https:\/\/i0.wp.com\/beguines.info\/wp-content\/uploads\/2019\/04\/La-croix-aux-boeufs.jpg?resize=500%2C388 500w, https:\/\/i0.wp.com\/beguines.info\/wp-content\/uploads\/2019\/04\/La-croix-aux-boeufs.jpg?w=519 519w\" alt=\"\" width=\"300\" height=\"233\" data-attachment-id=\"1468\" data-permalink=\"https:\/\/beguines.info\/?attachment_id=1468\" data-orig-file=\"https:\/\/i0.wp.com\/beguines.info\/wp-content\/uploads\/2019\/04\/La-croix-aux-boeufs.jpg?fit=519%2C403\" data-orig-size=\"519,403\" data-comments-opened=\"0\" data-image-meta=\"{&quot;aperture&quot;:&quot;5.6&quot;,&quot;credit&quot;:&quot;&quot;,&quot;camera&quot;:&quot;DSLR-A100&quot;,&quot;caption&quot;:&quot;SONY DSC&quot;,&quot;created_timestamp&quot;:&quot;1347019235&quot;,&quot;copyright&quot;:&quot;&quot;,&quot;focal_length&quot;:&quot;28&quot;,&quot;iso&quot;:&quot;100&quot;,&quot;shutter_speed&quot;:&quot;0.0015625&quot;,&quot;title&quot;:&quot;SONY DSC&quot;,&quot;orientation&quot;:&quot;1&quot;}\" data-image-title=\"SONY DSC\" data-image-description=\"\" data-medium-file=\"https:\/\/i0.wp.com\/beguines.info\/wp-content\/uploads\/2019\/04\/La-croix-aux-boeufs.jpg?fit=300%2C233\" data-large-file=\"https:\/\/i0.wp.com\/beguines.info\/wp-content\/uploads\/2019\/04\/La-croix-aux-boeufs.jpg?fit=519%2C403\" \/><figcaption id=\"caption-attachment-1468\" class=\"wp-caption-text\">A view of the Beguinage<\/figcaption><\/figure>\n<p>Gr\u00e2ce \u00e0 Lina Kortobi, j\u2019ai r\u00e9cemment d\u00e9couvert le B\u00e9guinage \u00ab\u00a0La Croix aux b\u0153ufs\u00a0\u00bb qui se trouve en localit\u00e9 St Martin du Lac, en Bourgogne-Franche Comt\u00e9. C\u2019est un b\u00e9guinage \u00e0 forte inspiration spirituelle chr\u00e9tienne avec au d\u00e9part une communaut\u00e9 apostolique et monastique. Des oblats et des couples en font aussi partie sans habiter sous le m\u00eame toit. Du fait se son s\u00e9jour pendant 5 ans en Belgique, la communaut\u00e9 initiale a bien connu le monde b\u00e9guinal et a voulu s\u2019en inspirer. Avec une vocation d\u2019annonce de la Parole de Dieu et gr\u00e2ce \u00e0 son \u00e9cole d\u2019\u00e9vang\u00e9lisation, \u00ab\u00a0<em>la Communaut\u00e9 propose des retraites, s\u00e9minaires, enseignements et formations, sous des formes vari\u00e9es selon les lieux, les besoins, les groupes et personnes demandeurs ; en journ\u00e9e, en soir\u00e9e ou en week-end. Elle organise des rassemblements ponctuels <\/em><em><a>(campus d\u2019\u00e9t\u00e9)<\/a><\/em><em> ou entreprend des missions itin\u00e9rantes<\/em>\u00ab\u00a0. En somme, une vocation bien apostolique.<br \/>\nLa premi\u00e8re motivation des personnes qui voudraient en faire partie doit \u00eatre la qu\u00eate spirituelle, mais les trois voeux -pauvret\u00e9, chastet\u00e9, ob\u00e9issance- ne sont pas exig\u00e8s pour <strong>pour \u00eatre admis au b\u00e9guinage. Beaucoup d\u2019autres information se trouvent\u00a0\u00a0 sur<a href=\"https:\/\/centroeuropeo.us3.list-manage.com\/track\/click?u=4411a017107a092d579a10ad7&amp;id=70628dd9a2&amp;e=ad316f12e2\" target=\"_blank\" rel=\"noopener noreferrer\"> leur site <\/a><\/strong><strong> et <\/strong><strong>dans le texte ci-joint<\/strong><strong>. Voil\u00e0 une exp\u00e9rience bien d\u00e9cid\u00e9e et bien connot\u00e9e qui vient enrichir le multiforme tableau des expressions modernes qui s\u2019inspirent du mouvement b\u00e9guinal.\u00eatre admis au b\u00e9guinage. Beaucoup d\u2019autres information se trouvent sur<a href=\"https:\/\/centroeuropeo.us3.list-manage.com\/track\/click?u=4411a017107a092d579a10ad7&amp;id=6bff3914a7&amp;e=ad316f12e2\" target=\"_blank\" rel=\"noopener noreferrer\"> leur site.<\/a> Voil\u00e0 une exp\u00e9rience bien d\u00e9cid\u00e9e et bien connot\u00e9e qui vient enrichir le multiforme tableau des expressions modernes qui s\u2019inspirent du mouvement b\u00e9guinal.<br \/>\n<\/strong> Pour contacts : B\u00e9guinage, Communaut\u00e9 apostolique et monastique<br \/>\n71110 St Martin du lac<br \/>\n06 66 73 08 96 ou 09 78 23 31 86<br \/>\n<a href=\"mailto:cte.apos.monas@gmail.com\" target=\"_blank\" rel=\"noopener noreferrer\">cte.apos.monas@gmail.com<\/a><br \/>\n<a href=\"https:\/\/centroeuropeo.us3.list-manage.com\/track\/click?u=4411a017107a092d579a10ad7&amp;id=546078e613&amp;e=ad316f12e2\" target=\"_blank\" rel=\"noopener noreferrer\">http:\/\/ecolesagesse.free.fr<\/a><\/p>\n<h6>\u00a0The Beguines of Medieval Paris (28-03-2019)<\/h6>\n<div><img loading=\"lazy\" decoding=\"async\" data-attachment-id=\"1444\" data-permalink=\"https:\/\/beguines.info\/?attachment_id=1444\" data-orig-file=\"https:\/\/i0.wp.com\/beguines.info\/wp-content\/uploads\/2016\/08\/libro-Tanya-Stabler.jpg?fit=243%2C369&amp;ssl=1\" data-orig-size=\"243,369\" data-comments-opened=\"0\" data-image-meta=\"{&quot;aperture&quot;:&quot;0&quot;,&quot;credit&quot;:&quot;&quot;,&quot;camera&quot;:&quot;&quot;,&quot;caption&quot;:&quot;&quot;,&quot;created_timestamp&quot;:&quot;0&quot;,&quot;copyright&quot;:&quot;&quot;,&quot;focal_length&quot;:&quot;0&quot;,&quot;iso&quot;:&quot;0&quot;,&quot;shutter_speed&quot;:&quot;0&quot;,&quot;title&quot;:&quot;&quot;,&quot;orientation&quot;:&quot;0&quot;}\" data-image-title=\"libro Tanya Stabler\" data-image-description=\"\" data-image-caption=\"\" data-large-file=\"https:\/\/i0.wp.com\/beguines.info\/wp-content\/uploads\/2016\/08\/libro-Tanya-Stabler.jpg?fit=243%2C369&amp;ssl=1\" class=\"alignleft size-medium wp-image-1444\" src=\"https:\/\/i2.wp.com\/beguines.info\/wp-content\/uploads\/2016\/08\/libro-Tanya-Stabler.jpg?resize=198%2C300\" sizes=\"auto, (max-width: 198px) 85vw, 198px\" srcset=\"https:\/\/i2.wp.com\/beguines.info\/wp-content\/uploads\/2016\/08\/libro-Tanya-Stabler.jpg?resize=198%2C300 198w, https:\/\/i2.wp.com\/beguines.info\/wp-content\/uploads\/2016\/08\/libro-Tanya-Stabler.jpg?w=243 243w\" alt=\"\" width=\"198\" height=\"300\" data-attachment-id=\"1444\" data-permalink=\"https:\/\/beguines.info\/?attachment_id=1444\" data-orig-file=\"https:\/\/i2.wp.com\/beguines.info\/wp-content\/uploads\/2016\/08\/libro-Tanya-Stabler.jpg?fit=243%2C369\" data-orig-size=\"243,369\" data-comments-opened=\"0\" data-image-meta=\"{&quot;aperture&quot;:&quot;0&quot;,&quot;credit&quot;:&quot;&quot;,&quot;camera&quot;:&quot;&quot;,&quot;caption&quot;:&quot;&quot;,&quot;created_timestamp&quot;:&quot;0&quot;,&quot;copyright&quot;:&quot;&quot;,&quot;focal_length&quot;:&quot;0&quot;,&quot;iso&quot;:&quot;0&quot;,&quot;shutter_speed&quot;:&quot;0&quot;,&quot;title&quot;:&quot;&quot;,&quot;orientation&quot;:&quot;0&quot;}\" data-image-title=\"libro Tanya Stabler\" data-image-description=\"\" data-medium-file=\"https:\/\/i2.wp.com\/beguines.info\/wp-content\/uploads\/2016\/08\/libro-Tanya-Stabler.jpg?fit=198%2C300\" data-large-file=\"https:\/\/i2.wp.com\/beguines.info\/wp-content\/uploads\/2016\/08\/libro-Tanya-Stabler.jpg?fit=243%2C369\" \/>Je remercie chaleureusement Tanya Stabler Miller pour m\u2019avoir pr\u00e9sent\u00e9 son merveilleux livre <strong><em>The Beguines of Medieval Paris. <\/em><\/strong><strong><em>Gender, Patronage, and Spiritual Authority,<\/em><\/strong> University of Pennsylvania Press, 304 pages, 2014 (Kindle ebook), 2017 (format papier) et j\u2019invite ceux et celles qui souhaitent lire un certain nombre de pages (table des mati\u00e8res et carte du Paris m\u00e9di\u00e9val inclues) \u00e0 cliquer sur<a href=\"https:\/\/beguines.info\/https%20:%20\/\/www.amazon.fr\/Beguines-Medieval-Paris-Patronage-3-Apr-2014\/dp\/B013RP2U8O\/ref=sr_1_1%20ie%20=%20UTF8%20&amp;%20qid%20=%201553745003%20&amp;%20sr%20=%208-1%20&amp;%20keywords%20=%20Tanya%20+%20Stabler%20#%20reader_B00W35SUG6\"> https : \/\/www.amazon.fr\/Beguines-Medieval-Paris-Patronage-3-Apr-2014\/dp\/B013RP2U8O\/ref=sr_1_1 ie = UTF8 &amp; qid = 1553745003 &amp; sr = 8-1 &amp; keywords = Tanya + Stabler # reader_B00W35SUG6<\/a><br \/>\nSi vous lisez l\u2019anglais, vous verrez directement combien son \u00e9criture est attrayante et document\u00e9e. Ce n\u2019est pas pour rien que <em>T<\/em><em>he Beguines of Medieval Paris<\/em><em>,<\/em> a \u00e9t\u00e9 un texte de r\u00e9f\u00e9rence pour le livre <em>La nuit des b\u00e9guines <\/em> (<a href=\"https:\/\/centroeuropeo.us3.list-manage.com\/track\/click?u=4411a017107a092d579a10ad7&amp;id=e71934f9ff&amp;e=ad316f12e2\" target=\"_blank\" rel=\"noopener noreferrer\">Voir News Letter <\/a>n.1\/2018) de l\u2019\u00e9crivaine Aline Kiner,h\u00e9las, si pr\u00e9matur\u00e9ment disparue<br \/>\nLe livre de Tanya Stabler Miller d\u00e9crit les communaut\u00e9s beguinales parisiennes des si\u00e8cles XIIIe et XIVe. La ville de Paris: \u00ab\u00a0<em>vibrante et cosmopolite<\/em>\u00ab\u00a0, ainsi bien d\u00e9finie par l\u2019auteure, \u00e9tait \u00e0 cette \u00e9poque la plus grande ville d\u2019Europe occidentale en raison de son attrait intellectuel et \u00e9conomique.<\/div>\n<div>\u00ab\u00a0<em>S\u2019appuyant sur un \u00e9ventail de sources, y compris des sermons, de la litt\u00e9rature religieuse, des d\u00e9clarations fiscales et des livres de comptes royaux, Tanya Stabler Miller contextualise l\u2019histoire des b\u00e9guines parisiennes dans une gamme d\u2019activit\u00e9s religieuses la\u00efques et de controverses th\u00e9ologiques. Elle examine l\u2019impact des femmes sur la construction de l\u2019identit\u00e9 cl\u00e9ricale m\u00e9di\u00e9vale, l\u2019appr\u00e9ciation de leurs voix et de leurs activit\u00e9s et les mani\u00e8res surprenantes avec lesquelles les r\u00e9seaux locaux et les structures juridiques ont permis \u00e0 ces femmes de continuer \u00e0 s\u2019identifier comme b\u00e9guines bien apr\u00e8s qu\u2019un concile de l\u2019\u00e9glise leur ait interdit ce statut. Bas\u00e9es sur une intense recherche d\u2019archives,The Beguines of Medieval Paris apporte une contribution originale \u00e0 l\u2019histoire de la religiosit\u00e9 et du travail des femmes, \u00e0 la politique universitaire et aux d\u00e9bats intellectuels, \u00e0 la pi\u00e9t\u00e9 royale et \u00e0 la place centrale de Paris dans le commerce et la culture de l\u2019Europe m\u00e9di\u00e9vale<\/em>.\u00a0\u00bb(Source: <a href=\"https:\/\/centroeuropeo.us3.list-manage.com\/track\/click?u=4411a017107a092d579a10ad7&amp;id=8be1fde42c&amp;e=ad316f12e2\">http:\/\/www.upenn.edu\/pennpress\/book\/15228.html )<\/a><\/div>\n<div>Mon dernier mot est de souhaiter la bienvenue \u00e0 Tanya Stabler Miller \u2013 professeure d\u2019histoire de l\u2019Universit\u00e9 Loyola de Chicago \u2013 dans notre\u00a0 Beguines News Letter et de me r\u00e9jouir de sa pr\u00e9sence parmi nous.<\/div>\n<h6>\u00a08 March &amp; Beguines (12-03-2019)<\/h6>\n<p><img loading=\"lazy\" decoding=\"async\" data-attachment-id=\"1433\" data-permalink=\"https:\/\/beguines.info\/?attachment_id=1433\" data-orig-file=\"https:\/\/i0.wp.com\/beguines.info\/wp-content\/uploads\/2016\/08\/mimosa-macro.jpg?fit=640%2C429&amp;ssl=1\" data-orig-size=\"640,429\" data-comments-opened=\"0\" data-image-meta=\"{&quot;aperture&quot;:&quot;9&quot;,&quot;credit&quot;:&quot;&quot;,&quot;camera&quot;:&quot;NIKON D80&quot;,&quot;caption&quot;:&quot;&quot;,&quot;created_timestamp&quot;:&quot;1392395015&quot;,&quot;copyright&quot;:&quot;&quot;,&quot;focal_length&quot;:&quot;40&quot;,&quot;iso&quot;:&quot;800&quot;,&quot;shutter_speed&quot;:&quot;0.003125&quot;,&quot;title&quot;:&quot;&quot;,&quot;orientation&quot;:&quot;1&quot;}\" data-image-title=\"mimosa macro\" data-image-description=\"\" data-image-caption=\"\" data-large-file=\"https:\/\/i0.wp.com\/beguines.info\/wp-content\/uploads\/2016\/08\/mimosa-macro.jpg?fit=640%2C429&amp;ssl=1\" class=\"alignleft size-medium wp-image-1433\" src=\"https:\/\/i0.wp.com\/beguines.info\/wp-content\/uploads\/2016\/08\/mimosa-macro.jpg?resize=300%2C201\" sizes=\"auto, (max-width: 300px) 85vw, 300px\" srcset=\"https:\/\/i0.wp.com\/beguines.info\/wp-content\/uploads\/2016\/08\/mimosa-macro.jpg?resize=300%2C201 300w, https:\/\/i0.wp.com\/beguines.info\/wp-content\/uploads\/2016\/08\/mimosa-macro.jpg?resize=500%2C335 500w, https:\/\/i0.wp.com\/beguines.info\/wp-content\/uploads\/2016\/08\/mimosa-macro.jpg?w=640 640w\" alt=\"\" width=\"300\" height=\"201\" data-attachment-id=\"1433\" data-permalink=\"https:\/\/beguines.info\/?attachment_id=1433\" data-orig-file=\"https:\/\/i0.wp.com\/beguines.info\/wp-content\/uploads\/2016\/08\/mimosa-macro.jpg?fit=640%2C429\" data-orig-size=\"640,429\" data-comments-opened=\"0\" data-image-meta=\"{&quot;aperture&quot;:&quot;9&quot;,&quot;credit&quot;:&quot;&quot;,&quot;camera&quot;:&quot;NIKON D80&quot;,&quot;caption&quot;:&quot;&quot;,&quot;created_timestamp&quot;:&quot;1392395015&quot;,&quot;copyright&quot;:&quot;&quot;,&quot;focal_length&quot;:&quot;40&quot;,&quot;iso&quot;:&quot;800&quot;,&quot;shutter_speed&quot;:&quot;0.003125&quot;,&quot;title&quot;:&quot;&quot;,&quot;orientation&quot;:&quot;1&quot;}\" data-image-title=\"mimosa macro\" data-image-description=\"\" data-medium-file=\"https:\/\/i0.wp.com\/beguines.info\/wp-content\/uploads\/2016\/08\/mimosa-macro.jpg?fit=300%2C201\" data-large-file=\"https:\/\/i0.wp.com\/beguines.info\/wp-content\/uploads\/2016\/08\/mimosa-macro.jpg?fit=640%2C429\" \/>Parmi les nombreuses expressions \u00e9voqu\u00e9es \u00e0 l\u2019occasion de la Journ\u00e9e de la femme du 8 mars, c\u2019est une v\u00e9ritable surprise de trouver un article sur le mouvement b\u00e9guinal dans un magazine espagnol en ligne. Muchas gracias a Vicente et Maria Luisa de me l\u2019avoir communiqu\u00e9. M\u00eame si vous ne lisez pas l\u2019espagnol, cliquez par curiosit\u00e9 sur le site\u00a0 <a href=\"https:\/\/centroeuropeo.us3.list-manage.com\/track\/click?u=4411a017107a092d579a10ad7&amp;id=2ab8383a55&amp;e=ad316f12e2\">https:\/\/cantabrialiberal.com\/opinion\/un-movimiento-femenino-de-la-edad-media-por-juan-goti-ordenana,482662.html\u00a0<\/a> et vous verrez l\u2019article du professeur Juan Goti Orde\u00f1ana de l\u2019Universit\u00e9 de Valladolid, qui r\u00e9guli\u00e8rement \u00e9crit dans cette revue <em>Cantabria Liberal<\/em>.<br \/>\nLa valeur de son texte, malgr\u00e9 certaines inexactitudes mineures, consiste en ce qu\u2019il pr\u00e9sente le mouvement b\u00e9guinal comme une manifestation de la libert\u00e9 et de l\u2019autonomie des femmes et qu\u2019il souligne leur influence sur le peuple, peut-\u00eatre m\u00eame sup\u00e9rieure \u00e0 la pr\u00e9dication des moines et du clerg\u00e9 s\u00e9culier. (\u00ab\u00a0<em>su influencia religiosa en el pueblo, que la predicaci\u00f3n de los monjes de los monasterios y el clero secular de las parroquias<\/em>\u00ab\u00a0).<br \/>\nLa chose la plus surprenante est que le 8 mars, un homme, en Espagne, se souvienne des b\u00e9guines. Un mimosa a encore fleuri.<\/p>\n<div class=\"sharedaddy sd-sharing-enabled\">\n<div class=\"robots-nocontent sd-block sd-social sd-social-icon sd-sharing\">\n<h3 class=\"sd-title\"><\/h3>\n<div class=\"sd-content\"><\/div>\n<\/div>\n<\/div>\n<div id=\"jp-relatedposts\" class=\"jp-relatedposts\">\n<div class=\"jp-relatedposts-items jp-relatedposts-items-minimal jp-relatedposts-grid \">\n<p class=\"jp-relatedposts-post jp-relatedposts-post1\" data-post-id=\"471\" data-post-format=\"false\">\n<\/div>\n<\/div>\n<p><\/p>","protected":false},"excerpt":{"rendered":"<p>Wishes in the Solstice 2019 (21-12-2019) J\u2019ai attendu tout sp\u00e9cialement le jour du solstice pour vous envoyer \u00e0 vous tous et toutes, membres de la News Letter Beguiness, mes meilleurs v\u0153ux pour un Joyeux No\u00ebl et une belle entr\u00e9e dans l\u2019ann\u00e9e 2020. Je trouve cette \u00e9ch\u00e9ance astronomique particuli\u00e8rement exaltante. Dimanche 22 d\u00e9cembre \u00e0 04:19 UTC &hellip; <a href=\"https:\/\/beguines.info\/?page_id=2991\" class=\"more-link\">Continuer la lecture<span class=\"screen-reader-text\"> de &laquo;&nbsp;News Letter 2019&nbsp;&raquo;<\/span><\/a><\/p>\n","protected":false},"author":2,"featured_media":0,"parent":0,"menu_order":0,"comment_status":"closed","ping_status":"closed","template":"","meta":{"jetpack_post_was_ever_published":false,"footnotes":""},"class_list":["post-2991","page","type-page","status-publish","hentry"],"jetpack_sharing_enabled":true,"jetpack_shortlink":"https:\/\/wp.me\/P7N1g3-Mf","jetpack-related-posts":[{"id":2816,"url":"https:\/\/beguines.info\/?page_id=2816","url_meta":{"origin":2991,"position":0},"title":"News Letter 2018","author":"Silvana Panciera","date":"dimanche 19 janvier 2020","format":false,"excerpt":"10\/2018 Beguinal wishes 2018 (21-12-2018) Aujourd'hui, recevant les v\u0153ux de la part du B\u00e9guinage de Breda, j'ai enfin trouv\u00e9 l'image qui aurait accompagn\u00e9 les miens pour vous. Au fait, ce sont deux images, par moi recompos\u00e9es en une seule: le b\u00e9guinage de Breda avec le lumineux sapin de No\u00ebl et\u2026","rel":"","context":"Article similaire","block_context":{"text":"Article similaire","link":""},"img":{"alt_text":"","src":"https:\/\/i0.wp.com\/beguines.info\/wp-content\/uploads\/2016\/08\/Natale-2018-300x224.jpg?resize=350%2C200","width":350,"height":200},"classes":[]},{"id":2605,"url":"https:\/\/beguines.info\/?page_id=2605","url_meta":{"origin":2991,"position":1},"title":"News Letter 2017","author":"Silvana Panciera","date":"lundi  2 septembre 2019","format":false,"excerpt":"Mooie Feestdagen (30-12-2017) Pour terminer en beaut\u00e9 le tr\u00e8s c\u00e9l\u00e8bre 750\u00e8me anniversaire, dimanche 17 d\u00e9cembre le b\u00e9guinage de Breda a organis\u00e9 un \u00e9v\u00e9nement artistique musical inspir\u00e9 \u00e0 l'artiste hollandais Anton Pieck. En ce faisant les responsables et les habitantes du b\u00e9guinage ont voulu souhaiter \"Joyeux No\u00ebl et bonne ann\u00e9e\". Nous\u2026","rel":"","context":"Article similaire","block_context":{"text":"Article similaire","link":""},"img":{"alt_text":"","src":"https:\/\/i0.wp.com\/beguines.info\/wp-content\/uploads\/2016\/08\/Natale.gif?resize=350%2C200","width":350,"height":200},"classes":[]},{"id":337,"url":"https:\/\/beguines.info\/?page_id=337","url_meta":{"origin":2991,"position":2},"title":"En Belgique","author":"Silvana Panciera","date":"vendredi 18 ao\u00fbt 2017","format":false,"excerpt":"En Belgique, des r\u00e9alit\u00e9s tr\u00e8s significatives s\u2019inspirent directement du mouvement b\u00e9guinal. Le Petit B\u00e9guinage de Lauzelle Le Petit B\u00e9guinage de \u00a0Lauzelle na\u00eet en 1995, sur le site de la nouvelle universit\u00e9 de Louvain-la-Neuve, gr\u00e2ce \u00e0 un couple tr\u00e8s engag\u00e9 dans le contexte socio-religieux, Pierre e Suzette Huvelle. Il s\u2019agit d\u2019un\u2026","rel":"","context":"Article similaire","block_context":{"text":"Article similaire","link":""},"img":{"alt_text":"","src":"https:\/\/i0.wp.com\/beguines.info\/wp-content\/uploads\/2016\/12\/LA-Pierre-et-Suzette-e1501727919316.jpg?resize=350%2C200","width":350,"height":200},"classes":[]},{"id":432,"url":"https:\/\/beguines.info\/?page_id=432","url_meta":{"origin":2991,"position":3},"title":"En Allemagne","author":"Silvana Panciera","date":"mercredi  9 ao\u00fbt 2017","format":false,"excerpt":"Dachverband-der-beginen En Allemagne le renouveau b\u00e9guinal semble vivre un vrai printemps. Dans beaucoup de villes on a mis en lumi\u00e8re des documents d\u2019archive qui se r\u00e9f\u00e8rent aux anciens emplacements des b\u00e9guinages et en 30 localit\u00e9s on trouve des modernes initiatives. Parfois on b\u00e2tit un nouveau b\u00e9guinage, parfois des groupes de\u2026","rel":"","context":"Article similaire","block_context":{"text":"Article similaire","link":""},"img":{"alt_text":"","src":"https:\/\/i0.wp.com\/beguines.info\/wp-content\/uploads\/2017\/08\/Brita-Lieb-300x200.jpg?resize=350%2C200","width":350,"height":200},"classes":[]},{"id":2181,"url":"https:\/\/beguines.info\/?page_id=2181","url_meta":{"origin":2991,"position":4},"title":"Colette de CORBIE ou BOYLET (1381-1447)","author":"Silvana Panciera","date":"mercredi 28 ao\u00fbt 2019","format":false,"excerpt":"Elle na\u00eet avec le nom de Nicolette Boylet de parents \u00e2g\u00e9s \u00e0 Corbie (pr\u00e8s d\u2019Amiens). Sa naissance pr\u00e9sente de nombreuses caract\u00e9ristiques similaires \u00e0 celle de sainte Rita de Cascia: sa naissance est miraculeuse, \u00e0 l'instar de celle de Rita (gestation tardive annonc\u00e9e dans un r\u00eave). Ses parents d\u00e9c\u00e8dent alors qu\u2019elle\u2026","rel":"","context":"Article similaire","block_context":{"text":"Article similaire","link":""},"img":{"alt_text":"","src":"https:\/\/i0.wp.com\/beguines.info\/wp-content\/uploads\/2019\/08\/colette-de-corbie-228x300.jpg?resize=350%2C200","width":350,"height":200},"classes":[]},{"id":1763,"url":"https:\/\/beguines.info\/?page_id=1763","url_meta":{"origin":2991,"position":5},"title":"Ailleurs en Europe","author":"Silvana Panciera","date":"jeudi  1 ao\u00fbt 2019","format":false,"excerpt":"IRLANDE AN\u00a0 CROI \u00c0 Drogheda, \u00e0 environ 50 km au nord de Dublin, Carmen Boyle et Gerladine Holton ont adopt\u00e9 un \"style de vie b\u00e9guinal\" depuis plus de 20 ans. En 2016, elles ont d\u00e9cid\u00e9 de t\u00e9moigner ce choix aussi par un engagement public. Leur maison s'appelle \"An croi\", ce\u2026","rel":"","context":"Article similaire","block_context":{"text":"Article similaire","link":""},"img":{"alt_text":"Sainte Brigide d'Irlande","src":"https:\/\/i0.wp.com\/beguines.info\/wp-content\/uploads\/2019\/08\/brigid-icon-150x150.jpg?resize=350%2C200","width":350,"height":200},"classes":[]}],"_links":{"self":[{"href":"https:\/\/beguines.info\/index.php?rest_route=\/wp\/v2\/pages\/2991","targetHints":{"allow":["GET"]}}],"collection":[{"href":"https:\/\/beguines.info\/index.php?rest_route=\/wp\/v2\/pages"}],"about":[{"href":"https:\/\/beguines.info\/index.php?rest_route=\/wp\/v2\/types\/page"}],"author":[{"embeddable":true,"href":"https:\/\/beguines.info\/index.php?rest_route=\/wp\/v2\/users\/2"}],"replies":[{"embeddable":true,"href":"https:\/\/beguines.info\/index.php?rest_route=%2Fwp%2Fv2%2Fcomments&post=2991"}],"version-history":[{"count":4,"href":"https:\/\/beguines.info\/index.php?rest_route=\/wp\/v2\/pages\/2991\/revisions"}],"predecessor-version":[{"id":2995,"href":"https:\/\/beguines.info\/index.php?rest_route=\/wp\/v2\/pages\/2991\/revisions\/2995"}],"wp:attachment":[{"href":"https:\/\/beguines.info\/index.php?rest_route=%2Fwp%2Fv2%2Fmedia&parent=2991"}],"curies":[{"name":"wp","href":"https:\/\/api.w.org\/{rel}","templated":true}]}}